{"id":5308,"date":"2019-07-15T12:16:43","date_gmt":"2019-07-15T11:16:43","guid":{"rendered":"https:\/\/www.arrabona.eu\/?page_id=5308"},"modified":"2019-07-15T12:20:45","modified_gmt":"2019-07-15T11:20:45","slug":"arrabona-egtc","status":"publish","type":"page","link":"https:\/\/arrabona.eu\/sk\/hlavna-stranka\/arrabona-egtc\/","title":{"rendered":"Arrabona EGTC"},"content":{"rendered":"\t\t<div data-elementor-type=\"wp-post\" data-elementor-id=\"5308\" class=\"elementor elementor-5308 elementor-3507 elementor-bc-flex-widget\" data-elementor-settings=\"{&quot;ha_cmc_init_switcher&quot;:&quot;no&quot;}\" data-elementor-post-type=\"page\">\n\t\t\t\t\t\t<section class=\"elementor-section elementor-top-section elementor-element elementor-element-8b12a42 elementor-section-boxed elementor-section-height-default elementor-section-height-default\" data-id=\"8b12a42\" data-element_type=\"section\" data-e-type=\"section\" data-settings=\"{&quot;_ha_eqh_enable&quot;:false}\">\n\t\t\t\t\t\t<div class=\"elementor-container elementor-column-gap-default\">\n\t\t\t\t\t<div class=\"elementor-column elementor-col-100 elementor-top-column elementor-element elementor-element-7b76a786\" data-id=\"7b76a786\" data-element_type=\"column\" data-e-type=\"column\">\n\t\t\t<div class=\"elementor-widget-wrap elementor-element-populated\">\n\t\t\t\t\t\t<div class=\"elementor-element elementor-element-e841924 elementor-widget elementor-widget-spacer\" data-id=\"e841924\" data-element_type=\"widget\" data-e-type=\"widget\" data-widget_type=\"spacer.default\">\n\t\t\t\t<div class=\"elementor-widget-container\">\n\t\t\t\t\t\t\t<div class=\"elementor-spacer\">\n\t\t\t<div class=\"elementor-spacer-inner\"><\/div>\n\t\t<\/div>\n\t\t\t\t\t\t<\/div>\n\t\t\t\t<\/div>\n\t\t\t\t\t<\/div>\n\t\t<\/div>\n\t\t\t\t\t<\/div>\n\t\t<\/section>\n\t\t\t\t<section class=\"elementor-section elementor-top-section elementor-element elementor-element-471ed418 elementor-section-boxed elementor-section-height-default elementor-section-height-default\" data-id=\"471ed418\" data-element_type=\"section\" data-e-type=\"section\" data-settings=\"{&quot;_ha_eqh_enable&quot;:false}\">\n\t\t\t\t\t\t<div class=\"elementor-container elementor-column-gap-no\">\n\t\t\t\t\t<div class=\"elementor-column elementor-col-100 elementor-top-column elementor-element elementor-element-4ed50080\" data-id=\"4ed50080\" data-element_type=\"column\" data-e-type=\"column\">\n\t\t\t<div class=\"elementor-widget-wrap elementor-element-populated\">\n\t\t\t\t\t\t<div class=\"elementor-element elementor-element-a972fb5 elementor-widget elementor-widget-heading\" data-id=\"a972fb5\" data-element_type=\"widget\" data-e-type=\"widget\" data-widget_type=\"heading.default\">\n\t\t\t\t<div class=\"elementor-widget-container\">\n\t\t\t\t\t<h1 class=\"elementor-heading-title elementor-size-default\">Arrabona EGTC<\/h1>\t\t\t\t<\/div>\n\t\t\t\t<\/div>\n\t\t\t\t\t<\/div>\n\t\t<\/div>\n\t\t\t\t\t<\/div>\n\t\t<\/section>\n\t\t\t\t<section class=\"elementor-section elementor-top-section elementor-element elementor-element-48139630 elementor-section-boxed elementor-section-height-default elementor-section-height-default\" data-id=\"48139630\" data-element_type=\"section\" data-e-type=\"section\" data-settings=\"{&quot;_ha_eqh_enable&quot;:false}\">\n\t\t\t\t\t\t<div class=\"elementor-container elementor-column-gap-default\">\n\t\t\t\t\t<div class=\"elementor-column elementor-col-100 elementor-top-column elementor-element elementor-element-48ed29ea\" data-id=\"48ed29ea\" data-element_type=\"column\" data-e-type=\"column\">\n\t\t\t<div class=\"elementor-widget-wrap elementor-element-populated\">\n\t\t\t\t\t\t<div class=\"elementor-element elementor-element-6a12268c elementor-widget-divider--view-line elementor-widget elementor-widget-divider\" data-id=\"6a12268c\" data-element_type=\"widget\" data-e-type=\"widget\" data-widget_type=\"divider.default\">\n\t\t\t\t<div class=\"elementor-widget-container\">\n\t\t\t\t\t\t\t<div class=\"elementor-divider\">\n\t\t\t<span class=\"elementor-divider-separator\">\n\t\t\t\t\t\t<\/span>\n\t\t<\/div>\n\t\t\t\t\t\t<\/div>\n\t\t\t\t<\/div>\n\t\t\t\t\t<\/div>\n\t\t<\/div>\n\t\t\t\t\t<\/div>\n\t\t<\/section>\n\t\t\t\t<section class=\"elementor-section elementor-top-section elementor-element elementor-element-203968ed elementor-section-boxed elementor-section-height-default elementor-section-height-default\" data-id=\"203968ed\" data-element_type=\"section\" data-e-type=\"section\" data-settings=\"{&quot;_ha_eqh_enable&quot;:false}\">\n\t\t\t\t\t\t<div class=\"elementor-container elementor-column-gap-default\">\n\t\t\t\t\t<div class=\"elementor-column elementor-col-100 elementor-top-column elementor-element elementor-element-16f6168e\" data-id=\"16f6168e\" data-element_type=\"column\" data-e-type=\"column\" data-settings=\"{&quot;background_background&quot;:&quot;classic&quot;}\">\n\t\t\t<div class=\"elementor-widget-wrap elementor-element-populated\">\n\t\t\t\t\t\t<div class=\"elementor-element elementor-element-47a1e661 elementor-widget elementor-widget-text-editor\" data-id=\"47a1e661\" data-element_type=\"widget\" data-e-type=\"widget\" data-widget_type=\"text-editor.default\">\n\t\t\t\t<div class=\"elementor-widget-container\">\n\t\t\t\t\t\t\t\t\t<p class=\"s10\"><span class=\"s4\">V minulosti bol Dunaj pr\u00edrodnou hranicou r\u00edmskej r\u00ed\u0161e, ktor\u00e1 chr\u00e1nila provinciu Pan\u00f3nia a jedno z jej d\u00f4le\u017eit\u00fdch miest Arrabonu, stojaceho na mieste dne\u0161n\u00e9ho Gy\u0151ru, pred bandami barbarov \u00fato\u010diacimi zo severu. (N\u00e1zov mesta bol odvoden\u00fd od r\u00edmskeho n\u00e1zvu rieky R\u00e1ba \u201eArrabo\u201c.) Av\u0161ak v r\u00e1mci ma\u010farsk\u00e9ho kr\u00e1\u013eovstva tvorili oba brehy Dunaja navz\u00e1jom \u00fazko s\u00favisiacu oblas\u0165, a vo v\u00e4\u010d\u0161ine pr\u00edpadov boli prepojen\u00e9 aj z administrat\u00edvneho h\u013eadiska.<\/span><\/p><p class=\"s10\"><span class=\"s4\">Po roku 1920 Dunaj tieto regi\u00f3ny znovu pr\u00edsne oddelil, podobne ako b\u00fdval\u00e1 hranica limes Romanus. Kontakt, resp. prepojenie t\u00fdchto regi\u00f3nov zabezpe\u010dovali iba dva mosty, v Rajke a v Medve\u010fove.<\/span><\/p><p class=\"s10\"><span class=\"s4\">Vst\u00fapenie Ma\u010farska a Slovenska do Eur\u00f3pskej \u00fanie priniesol rad z\u00e1sadn\u00fdch zmien. Otvorenie hran\u00edc umo\u017e\u0148uje nielen vo\u013en\u00fd pohyb tovaru, ale prinieslo aj \u010dul\u00fd pohyb pracovn\u00fdch s\u00edl <\/span><span class=\"s4\">a<\/span><span class=\"s4\"> od vstupu t\u00fdchto kraj\u00edn do Schengensk\u00e9ho priestoru sa aglomer\u00e1cia hlavn\u00e9ho mesta Slovenska vidite\u013ene roz\u0161\u00edrila na ma\u010farskej strane.<\/span><\/p><p class=\"s10\"><span class=\"s4\">Rozvoj spolupr\u00e1ce medzi oboma prihrani\u010dn\u00fdmi regi\u00f3nmi posil\u0148uj\u00fa aj finan\u010dn\u00e9 prostriedky z E\u00da. V\u010faka tomu sa neust\u00e1le zlep\u0161uje dopravn\u00e9 spojenie, logistick\u00e9 podmienky a rozbehla sa aj integr\u00e1cia slu\u017eieb v cestovnom ruchu.<\/span><\/p><p class=\"s10\"><span class=\"s4\">Harmoniz\u00e1cia pr\u00e1vnych predpisov E\u00da umo\u017enila vytvorenie novej organiz\u00e1cie riadenia na podporu rozvoja cel\u00e9ho regi\u00f3nu, Arrabona EGTC.<\/span><\/p><p class=\"s10\"><span class=\"s4\">V roku 2010 sa \u0161tyri dominantn\u00e9 mesta tohto regi\u00f3nu, ma\u010farsk\u00fd Gy\u0151r a Mosonmagyar\u00f3v\u00e1r a slovensk\u00fd \u0160amor\u00edn a Dunajsk\u00e1 Streda, rozhodli u\u017e existuj\u00face vz\u00e1jomn\u00e9 vz\u0165ahy <\/span><span class=\"s4\">in\u0161titucionalizova\u0165 na vy\u0161\u0161ej \u00farovni a vytvorili samostatn\u00fd pr\u00e1vny subjekt, organiz\u00e1ciu pre spolo\u010dn\u00fd rozvoj.<\/span><\/p><p class=\"s10\"><span class=\"s4\">EGTC (European Grouping of Territorial Cooperation: Eur\u00f3pske zoskupenie \u00fazemnej spolupr\u00e1ce) m\u00f4\u017ee v oboch predmetn\u00fdch krajin\u00e1ch kona\u0165 nez\u00e1visle, m\u00f4\u017ee zamestn\u00e1va\u0165 vlastn\u00fdch zamestnancov a m\u00f4\u017ee vytv\u00e1ra\u0165 a prev\u00e1dzkova\u0165 spolo\u010dn\u00e9 in\u0161tit\u00facie a podniky zabezpe\u010duj\u00face dlhodob\u00fa udr\u017eate\u013enos\u0165 spolo\u010dn\u00fdch projektov. Arrabona EGTC je najmodernej\u0161\u00edm in\u0161titucion\u00e1lnym n\u00e1strojom pre integrovan\u00fd rozvoj t\u00fdchto, v minulosti navz\u00e1jom oddelen\u00fdch regi\u00f3nov. Nie je n\u00e1hodou, \u017ee od jej zalo\u017eenia sa k tejto iniciat\u00edve neust\u00e1le prip\u00e1jaj\u00fa nov\u00e9 obce a mest\u00e1 z okolia. T\u00e1to spolupr\u00e1ca m\u00f4\u017ee v bud\u00facnu zah\u0155\u0148a\u0165 potenci\u00e1lne a\u017e 120 samospr\u00e1v.<\/span><\/p><p class=\"s10\"><span class=\"s4\">\u00da\u010delom tohto zoskupenia je posilnenie hospod\u00e1rskej a soci\u00e1lnej s\u00fadr\u017enosti, zachovanie <\/span><span class=\"s4\">a<\/span><span class=\"s4\">udr\u017eanie rovnov\u00e1hy \u00fadolia Dunaja, ako ekologick\u00e9ho syst\u00e9mu, priamym aj nepriamym sp\u00f4sobom pomocou programov spolufinancovan\u00fdch Eur\u00f3pskou \u00faniou, pomoc prostredn\u00edctvom realiz\u00e1cie projektov region\u00e1lnej spolupr\u00e1ce a rozvoj prvkov soci\u00e1lnej a technickej infra\u0161trukt\u00fary.<\/span><\/p><p class=\"s10\"><span class=\"s4\">T\u00e1to spolupr\u00e1ca tematicky pokr\u00fdva v\u0161etky oblasti rozvoja v danej oblasti:<\/span><\/p><ul><li class=\"s10\"><span class=\"s4\">spolupr\u00e1ca v oblasti priemyslu a logistiky<\/span><\/li><li class=\"s10\"><span class=\"s4\">rozvoj infra\u0161trukt\u00fary<\/span><\/li><li class=\"s10\"><span class=\"s4\">energetika<\/span><span class=\"s4\"> a nakladanie s odpadmi<\/span><\/li><li class=\"s10\"><span class=\"s4\">cestovn\u00fd ruch<\/span><\/li><li class=\"s10\"><span class=\"s4\">zdravotn\u00e1 starostlivos\u0165<\/span><\/li><li class=\"s10\"><span class=\"s4\">zamestnanos\u0165, podpora podnikov, vzdel\u00e1vanie, v\u00fdskum, inov\u00e1cie<\/span><\/li><li class=\"s10\"><span class=\"s4\">ochrana \u017eivotn\u00e9ho prostredia, pr\u00edrody a krajiny, mana\u017ement krajiny<\/span><\/li><li class=\"s10\"><span class=\"s4\">soci\u00e1lne vz\u0165ahy, \u0161port, rekre\u00e1cia.<\/span><\/li><\/ul><p class=\"s10\"><span class=\"s4\">EGTC vytv\u00e1ra vlastn\u00fd pl\u00e1n rozvoja na rozpo\u010dtov\u00e9 obdobie E\u00da pre roky 2014-2020. \u00da\u010dastn\u00edci spolupr\u00e1ce o\u010dak\u00e1vaj\u00fa od tejto novej in\u0161tit\u00facie nielen to, \u017ee im poskytne pomoc pri racion\u00e1lnom vyu\u017e\u00edvan\u00ed finan\u010dn\u00fdch prostriedkov E\u00da: pre obyvate\u013eov kedysi navz\u00e1jom \u00fazko s\u00favisiacich regi\u00f3nov vytvorilo EGTC nov\u00fa perspekt\u00edvu, nov\u00fa \u00farove\u0148 spolupr\u00e1ce zalo\u017eenej na vz\u00e1jomn\u00fdch v\u00fdhod\u00e1ch.<\/span><\/p><p class=\"s10\"><span class=\"s4\">M\u00f4\u017ee tie\u017e pom\u00f4c\u0165 znovu objavi\u0165 prednosti tohto regi\u00f3nu a vyu\u017ei\u0165 ich v prospech \u013eud\u00ed, ktor\u00ed tu \u017eij\u00fa.<\/span><\/p>\t\t\t\t\t\t\t\t<\/div>\n\t\t\t\t<\/div>\n\t\t\t\t\t<\/div>\n\t\t<\/div>\n\t\t\t\t\t<\/div>\n\t\t<\/section>\n\t\t\t\t<section class=\"elementor-section elementor-top-section elementor-element elementor-element-28b46855 elementor-section-boxed elementor-section-height-default elementor-section-height-default\" data-id=\"28b46855\" data-element_type=\"section\" data-e-type=\"section\" data-settings=\"{&quot;_ha_eqh_enable&quot;:false}\">\n\t\t\t\t\t\t<div class=\"elementor-container elementor-column-gap-default\">\n\t\t\t\t\t<div class=\"elementor-column elementor-col-100 elementor-top-column elementor-element elementor-element-1fb59d2a\" data-id=\"1fb59d2a\" data-element_type=\"column\" data-e-type=\"column\">\n\t\t\t<div class=\"elementor-widget-wrap elementor-element-populated\">\n\t\t\t\t\t\t<div class=\"elementor-element elementor-element-147d00d2 elementor-widget elementor-widget-spacer\" data-id=\"147d00d2\" data-element_type=\"widget\" data-e-type=\"widget\" data-widget_type=\"spacer.default\">\n\t\t\t\t<div class=\"elementor-widget-container\">\n\t\t\t\t\t\t\t<div class=\"elementor-spacer\">\n\t\t\t<div class=\"elementor-spacer-inner\"><\/div>\n\t\t<\/div>\n\t\t\t\t\t\t<\/div>\n\t\t\t\t<\/div>\n\t\t\t\t\t<\/div>\n\t\t<\/div>\n\t\t\t\t\t<\/div>\n\t\t<\/section>\n\t\t\t\t<\/div>\n\t\t","protected":false},"excerpt":{"rendered":"<p>Arrabona EGTC V minulosti bol Dunaj pr\u00edrodnou hranicou r\u00edmskej r\u00ed\u0161e, ktor\u00e1 chr\u00e1nila provinciu Pan\u00f3nia a jedno z jej d\u00f4le\u017eit\u00fdch miest Arrabonu, stojaceho na mieste dne\u0161n\u00e9ho Gy\u0151ru, pred bandami barbarov \u00fato\u010diacimi zo severu. (N\u00e1zov mesta bol odvoden\u00fd od r\u00edmskeho n\u00e1zvu rieky R\u00e1ba \u201eArrabo\u201c.) Av\u0161ak v r\u00e1mci ma\u010farsk\u00e9ho kr\u00e1\u013eovstva tvorili oba brehy Dunaja navz\u00e1jom \u00fazko s\u00favisiacu oblas\u0165, [&hellip;]<\/p>\n","protected":false},"author":6,"featured_media":0,"parent":5231,"menu_order":0,"comment_status":"closed","ping_status":"open","template":"elementor_header_footer","meta":{"_acf_changed":false,"footnotes":""},"class_list":["post-5308","page","type-page","status-publish","hentry"],"acf":[],"amp_enabled":false,"_links":{"self":[{"href":"https:\/\/arrabona.eu\/sk\/wp-json\/wp\/v2\/pages\/5308","targetHints":{"allow":["GET"]}}],"collection":[{"href":"https:\/\/arrabona.eu\/sk\/wp-json\/wp\/v2\/pages"}],"about":[{"href":"https:\/\/arrabona.eu\/sk\/wp-json\/wp\/v2\/types\/page"}],"author":[{"embeddable":true,"href":"https:\/\/arrabona.eu\/sk\/wp-json\/wp\/v2\/users\/6"}],"replies":[{"embeddable":true,"href":"https:\/\/arrabona.eu\/sk\/wp-json\/wp\/v2\/comments?post=5308"}],"version-history":[{"count":0,"href":"https:\/\/arrabona.eu\/sk\/wp-json\/wp\/v2\/pages\/5308\/revisions"}],"up":[{"embeddable":true,"href":"https:\/\/arrabona.eu\/sk\/wp-json\/wp\/v2\/pages\/5231"}],"wp:attachment":[{"href":"https:\/\/arrabona.eu\/sk\/wp-json\/wp\/v2\/media?parent=5308"}],"curies":[{"name":"wp","href":"https:\/\/api.w.org\/{rel}","templated":true}]}}