{"id":5420,"date":"2019-07-18T11:47:19","date_gmt":"2019-07-18T10:47:19","guid":{"rendered":"https:\/\/www.arrabona.eu\/?page_id=5420"},"modified":"2019-07-18T12:10:53","modified_gmt":"2019-07-18T11:10:53","slug":"news","status":"publish","type":"page","link":"https:\/\/arrabona.eu\/en\/","title":{"rendered":"News"},"content":{"rendered":"\t\t<div data-elementor-type=\"wp-post\" data-elementor-id=\"5420\" class=\"elementor elementor-5420 elementor-3648\" data-elementor-settings=\"{&quot;ha_cmc_init_switcher&quot;:&quot;no&quot;}\" data-elementor-post-type=\"page\">\n\t\t\t\t\t\t<section class=\"elementor-section elementor-top-section elementor-element elementor-element-62d4ef0f elementor-section-stretched elementor-section-full_width elementor-section-height-default elementor-section-height-default\" data-id=\"62d4ef0f\" data-element_type=\"section\" data-e-type=\"section\" data-settings=\"{&quot;stretch_section&quot;:&quot;section-stretched&quot;,&quot;background_background&quot;:&quot;classic&quot;,&quot;_ha_eqh_enable&quot;:false}\">\n\t\t\t\t\t\t<div class=\"elementor-container elementor-column-gap-default\">\n\t\t\t\t\t<div class=\"elementor-column elementor-col-100 elementor-top-column elementor-element elementor-element-853015f\" data-id=\"853015f\" data-element_type=\"column\" data-e-type=\"column\">\n\t\t\t<div class=\"elementor-widget-wrap elementor-element-populated\">\n\t\t\t\t\t\t<div class=\"elementor-element elementor-element-3a8a7e7c elementor-widget elementor-widget-spacer\" data-id=\"3a8a7e7c\" data-element_type=\"widget\" data-e-type=\"widget\" data-widget_type=\"spacer.default\">\n\t\t\t\t<div class=\"elementor-widget-container\">\n\t\t\t\t\t\t\t<div class=\"elementor-spacer\">\n\t\t\t<div class=\"elementor-spacer-inner\"><\/div>\n\t\t<\/div>\n\t\t\t\t\t\t<\/div>\n\t\t\t\t<\/div>\n\t\t\t\t\t<\/div>\n\t\t<\/div>\n\t\t\t\t\t<\/div>\n\t\t<\/section>\n\t\t\t\t<section class=\"elementor-section elementor-top-section elementor-element elementor-element-7db46da5 elementor-section-boxed elementor-section-height-default elementor-section-height-default\" data-id=\"7db46da5\" data-element_type=\"section\" data-e-type=\"section\" data-settings=\"{&quot;shape_divider_top&quot;:&quot;triangle-asymmetrical&quot;,&quot;_ha_eqh_enable&quot;:false}\">\n\t\t\t\t\t<div class=\"elementor-shape elementor-shape-top\" aria-hidden=\"true\" data-negative=\"false\">\n\t\t\t<svg xmlns=\"http:\/\/www.w3.org\/2000\/svg\" viewBox=\"0 0 1000 100\" preserveAspectRatio=\"none\">\n\t<path class=\"elementor-shape-fill\" d=\"M738,99l262-93V0H0v5.6L738,99z\"\/>\n<\/svg>\t\t<\/div>\n\t\t\t\t\t<div class=\"elementor-container elementor-column-gap-no\">\n\t\t\t\t\t<div class=\"elementor-column elementor-col-100 elementor-top-column elementor-element elementor-element-54dba23b\" data-id=\"54dba23b\" data-element_type=\"column\" data-e-type=\"column\">\n\t\t\t<div class=\"elementor-widget-wrap elementor-element-populated\">\n\t\t\t\t\t\t<div class=\"elementor-element elementor-element-4bc2fa85 elementor-widget elementor-widget-heading\" data-id=\"4bc2fa85\" data-element_type=\"widget\" data-e-type=\"widget\" data-widget_type=\"heading.default\">\n\t\t\t\t<div class=\"elementor-widget-container\">\n\t\t\t\t\t<h1 class=\"elementor-heading-title elementor-size-default\">News<\/h1>\t\t\t\t<\/div>\n\t\t\t\t<\/div>\n\t\t\t\t\t<\/div>\n\t\t<\/div>\n\t\t\t\t\t<\/div>\n\t\t<\/section>\n\t\t\t\t<section class=\"elementor-section elementor-top-section elementor-element elementor-element-28ced7ec elementor-section-boxed elementor-section-height-default elementor-section-height-default\" data-id=\"28ced7ec\" data-element_type=\"section\" data-e-type=\"section\" data-settings=\"{&quot;_ha_eqh_enable&quot;:false}\">\n\t\t\t\t\t\t<div class=\"elementor-container elementor-column-gap-default\">\n\t\t\t\t\t<div class=\"elementor-column elementor-col-100 elementor-top-column elementor-element elementor-element-52bb203e\" data-id=\"52bb203e\" data-element_type=\"column\" data-e-type=\"column\">\n\t\t\t<div class=\"elementor-widget-wrap elementor-element-populated\">\n\t\t\t\t\t\t<div class=\"elementor-element elementor-element-67d54f3a elementor-widget-divider--view-line elementor-widget elementor-widget-divider\" data-id=\"67d54f3a\" data-element_type=\"widget\" data-e-type=\"widget\" data-widget_type=\"divider.default\">\n\t\t\t\t<div class=\"elementor-widget-container\">\n\t\t\t\t\t\t\t<div class=\"elementor-divider\">\n\t\t\t<span class=\"elementor-divider-separator\">\n\t\t\t\t\t\t<\/span>\n\t\t<\/div>\n\t\t\t\t\t\t<\/div>\n\t\t\t\t<\/div>\n\t\t\t\t\t<\/div>\n\t\t<\/div>\n\t\t\t\t\t<\/div>\n\t\t<\/section>\n\t\t\t\t<section class=\"elementor-section elementor-top-section elementor-element elementor-element-3dddfcb0 elementor-section-boxed elementor-section-height-default elementor-section-height-default\" data-id=\"3dddfcb0\" data-element_type=\"section\" data-e-type=\"section\" data-settings=\"{&quot;_ha_eqh_enable&quot;:false}\">\n\t\t\t\t\t\t<div class=\"elementor-container elementor-column-gap-default\">\n\t\t\t\t\t<div class=\"elementor-column elementor-col-100 elementor-top-column elementor-element elementor-element-235b8b83\" data-id=\"235b8b83\" data-element_type=\"column\" data-e-type=\"column\">\n\t\t\t<div class=\"elementor-widget-wrap elementor-element-populated\">\n\t\t\t\t\t\t<div class=\"elementor-element elementor-element-48fe99b7 elementor-widget elementor-widget-spacer\" data-id=\"48fe99b7\" data-element_type=\"widget\" data-e-type=\"widget\" data-widget_type=\"spacer.default\">\n\t\t\t\t<div class=\"elementor-widget-container\">\n\t\t\t\t\t\t\t<div class=\"elementor-spacer\">\n\t\t\t<div class=\"elementor-spacer-inner\"><\/div>\n\t\t<\/div>\n\t\t\t\t\t\t<\/div>\n\t\t\t\t<\/div>\n\t\t\t\t<div class=\"elementor-element elementor-element-6630e77b elementor-grid-1 elementor-posts--align-left elementor-grid-tablet-2 elementor-grid-mobile-1 elementor-posts--thumbnail-top elementor-card-shadow-yes elementor-posts__hover-gradient elementor-widget elementor-widget-posts\" data-id=\"6630e77b\" data-element_type=\"widget\" data-e-type=\"widget\" data-settings=\"{&quot;cards_columns&quot;:&quot;1&quot;,&quot;cards_row_gap&quot;:{&quot;unit&quot;:&quot;px&quot;,&quot;size&quot;:30,&quot;sizes&quot;:[]},&quot;pagination_type&quot;:&quot;numbers&quot;,&quot;cards_columns_tablet&quot;:&quot;2&quot;,&quot;cards_columns_mobile&quot;:&quot;1&quot;,&quot;cards_row_gap_tablet&quot;:{&quot;unit&quot;:&quot;px&quot;,&quot;size&quot;:&quot;&quot;,&quot;sizes&quot;:[]},&quot;cards_row_gap_mobile&quot;:{&quot;unit&quot;:&quot;px&quot;,&quot;size&quot;:&quot;&quot;,&quot;sizes&quot;:[]}}\" data-widget_type=\"posts.cards\">\n\t\t\t\t<div class=\"elementor-widget-container\">\n\t\t\t\t\t\t\t<div class=\"elementor-posts-container elementor-posts elementor-posts--skin-cards elementor-grid\" role=\"list\">\n\t\t\t\t<article class=\"elementor-post elementor-grid-item post-7815 post type-post status-publish format-standard has-post-thumbnail hentry category-uncategorized\" role=\"listitem\">\n\t\t\t<div class=\"elementor-post__card\">\n\t\t\t\t<a class=\"elementor-post__thumbnail__link\" href=\"https:\/\/arrabona.eu\/en\/megjelent-az-szigetkozi-kalandterkep\/\" tabindex=\"-1\" ><div class=\"elementor-post__thumbnail\"><img fetchpriority=\"high\" decoding=\"async\" width=\"724\" height=\"686\" src=\"https:\/\/arrabona.eu\/wp-content\/uploads\/2023\/07\/Szigetkozi-Kalandterkep.png\" class=\"attachment-full size-full wp-image-7816\" alt=\"\" srcset=\"https:\/\/arrabona.eu\/wp-content\/uploads\/2023\/07\/Szigetkozi-Kalandterkep.png 724w, https:\/\/arrabona.eu\/wp-content\/uploads\/2023\/07\/Szigetkozi-Kalandterkep-300x284.png 300w\" sizes=\"(max-width: 724px) 100vw, 724px\" \/><\/div><\/a>\n\t\t\t\t<div class=\"elementor-post__text\">\n\t\t\t\t<h2 class=\"elementor-post__title\">\n\t\t\t<a href=\"https:\/\/arrabona.eu\/en\/megjelent-az-szigetkozi-kalandterkep\/\" >\n\t\t\t\tMegjelent a Szigetk\u00f6zi Kalandt\u00e9rk\u00e9p\t\t\t<\/a>\n\t\t<\/h2>\n\t\t\t\t<div class=\"elementor-post__excerpt\">\n\t\t\t<p>Az Akt\u00edv-\u00e9s \u00d6koturisztikai Fejleszt\u00e9si K\u00f6zpont az Arrabona EGTC szakmai partners\u00e9g\u00e9ben megjelentette leg\u00fajabb kiadv\u00e1ny\u00e1t, a Szigetk\u00f6zi Kalandt\u00e9rk\u00e9pet! A t\u00e9rk\u00e9p Mosonmagyar\u00f3v\u00e1r-Gy\u0151r-Pannonhalma t\u00e9rs\u00e9g f\u0151bb l\u00e1tnival\u00f3it, vend\u00e9gl\u00e1t\u00f3helyeit, sz\u00e1ll\u00e1slehet\u0151s\u00e9geit, egy\u00e9b<\/p>\n\t\t<\/div>\n\t\t\n\t\t<a class=\"elementor-post__read-more\" href=\"https:\/\/arrabona.eu\/en\/megjelent-az-szigetkozi-kalandterkep\/\" aria-label=\"Read more about Megjelent a Szigetk\u00f6zi Kalandt\u00e9rk\u00e9p\" tabindex=\"-1\" >\n\t\t\tMore \u00bb\t\t<\/a>\n\n\t\t\t\t<\/div>\n\t\t\t\t<div class=\"elementor-post__meta-data\">\n\t\t\t\t\t<span class=\"elementor-post-date\">\n\t\t\t2023-07-14\t\t<\/span>\n\t\t\t\t<\/div>\n\t\t\t\t\t<\/div>\n\t\t<\/article>\n\t\t\t\t<article class=\"elementor-post elementor-grid-item post-5459 post type-post status-publish format-standard has-post-thumbnail hentry category-uncategorized\" role=\"listitem\">\n\t\t\t<div class=\"elementor-post__card\">\n\t\t\t\t<a class=\"elementor-post__thumbnail__link\" href=\"https:\/\/arrabona.eu\/en\/the-cultural-action-group-participated-in-a-study-trip\/\" tabindex=\"-1\" ><div class=\"elementor-post__thumbnail\"><img decoding=\"async\" width=\"640\" height=\"480\" src=\"https:\/\/arrabona.eu\/wp-content\/uploads\/2018\/11\/CULTACROSS_linz_csapat.jpg\" class=\"attachment-full size-full wp-image-4924\" alt=\"\" srcset=\"https:\/\/arrabona.eu\/wp-content\/uploads\/2018\/11\/CULTACROSS_linz_csapat.jpg 640w, https:\/\/arrabona.eu\/wp-content\/uploads\/2018\/11\/CULTACROSS_linz_csapat-300x225.jpg 300w\" sizes=\"(max-width: 640px) 100vw, 640px\" \/><\/div><\/a>\n\t\t\t\t<div class=\"elementor-post__text\">\n\t\t\t\t<h2 class=\"elementor-post__title\">\n\t\t\t<a href=\"https:\/\/arrabona.eu\/en\/the-cultural-action-group-participated-in-a-study-trip\/\" >\n\t\t\t\tThe cultural action group participated in a study trip\t\t\t<\/a>\n\t\t<\/h2>\n\t\t\t\t<div class=\"elementor-post__excerpt\">\n\t\t\t<p>As a part of the Cultacross project (SKHU1601\/1.1\/041) and in the organization of Arrabona EGTC, the members of the Cultural Action Group created within the<\/p>\n\t\t<\/div>\n\t\t\n\t\t<a class=\"elementor-post__read-more\" href=\"https:\/\/arrabona.eu\/en\/the-cultural-action-group-participated-in-a-study-trip\/\" aria-label=\"Read more about The cultural action group participated in a study trip\" tabindex=\"-1\" >\n\t\t\tMore \u00bb\t\t<\/a>\n\n\t\t\t\t<\/div>\n\t\t\t\t<div class=\"elementor-post__meta-data\">\n\t\t\t\t\t<span class=\"elementor-post-date\">\n\t\t\t2019-07-18\t\t<\/span>\n\t\t\t\t<\/div>\n\t\t\t\t\t<\/div>\n\t\t<\/article>\n\t\t\t\t<article class=\"elementor-post elementor-grid-item post-5456 post type-post status-publish format-standard has-post-thumbnail hentry category-uncategorized\" role=\"listitem\">\n\t\t\t<div class=\"elementor-post__card\">\n\t\t\t\t<a class=\"elementor-post__thumbnail__link\" href=\"https:\/\/arrabona.eu\/en\/2nd-builcogreen-project-workshop-becoming-a-flowered-city\/\" tabindex=\"-1\" ><div class=\"elementor-post__thumbnail\"><img decoding=\"async\" width=\"2048\" height=\"1365\" src=\"https:\/\/arrabona.eu\/wp-content\/uploads\/2018\/11\/BUILCOGREEN_2.-workshop.jpg\" class=\"attachment-full size-full wp-image-4926\" alt=\"\" srcset=\"https:\/\/arrabona.eu\/wp-content\/uploads\/2018\/11\/BUILCOGREEN_2.-workshop.jpg 2048w, https:\/\/arrabona.eu\/wp-content\/uploads\/2018\/11\/BUILCOGREEN_2.-workshop-300x200.jpg 300w, https:\/\/arrabona.eu\/wp-content\/uploads\/2018\/11\/BUILCOGREEN_2.-workshop-768x512.jpg 768w, https:\/\/arrabona.eu\/wp-content\/uploads\/2018\/11\/BUILCOGREEN_2.-workshop-1024x683.jpg 1024w\" sizes=\"(max-width: 2048px) 100vw, 2048px\" \/><\/div><\/a>\n\t\t\t\t<div class=\"elementor-post__text\">\n\t\t\t\t<h2 class=\"elementor-post__title\">\n\t\t\t<a href=\"https:\/\/arrabona.eu\/en\/2nd-builcogreen-project-workshop-becoming-a-flowered-city\/\" >\n\t\t\t\t2nd Builcogreen project workshop \u2013 \u201cBecoming a flowered city\u201d\t\t\t<\/a>\n\t\t<\/h2>\n\t\t\t\t<div class=\"elementor-post__excerpt\">\n\t\t\t<p>The second event of the workshop series, organized as a part of Builcogreen project, was hosted by Mosonmagyar\u00f3v\u00e1r, the flowered city. Resulting from this title,<\/p>\n\t\t<\/div>\n\t\t\n\t\t<a class=\"elementor-post__read-more\" href=\"https:\/\/arrabona.eu\/en\/2nd-builcogreen-project-workshop-becoming-a-flowered-city\/\" aria-label=\"Read more about 2nd Builcogreen project workshop \u2013 \u201cBecoming a flowered city\u201d\" tabindex=\"-1\" >\n\t\t\tMore \u00bb\t\t<\/a>\n\n\t\t\t\t<\/div>\n\t\t\t\t<div class=\"elementor-post__meta-data\">\n\t\t\t\t\t<span class=\"elementor-post-date\">\n\t\t\t2019-07-18\t\t<\/span>\n\t\t\t\t<\/div>\n\t\t\t\t\t<\/div>\n\t\t<\/article>\n\t\t\t\t<article class=\"elementor-post elementor-grid-item post-5454 post type-post status-publish format-standard has-post-thumbnail hentry category-uncategorized\" role=\"listitem\">\n\t\t\t<div class=\"elementor-post__card\">\n\t\t\t\t<a class=\"elementor-post__thumbnail__link\" href=\"https:\/\/arrabona.eu\/en\/projekt-builcogreen-1-workshop-recyklacia-a-spracovanie-komunalneho-odpadu\/\" tabindex=\"-1\" ><div class=\"elementor-post__thumbnail\"><img loading=\"lazy\" decoding=\"async\" width=\"2048\" height=\"1365\" src=\"https:\/\/arrabona.eu\/wp-content\/uploads\/2018\/11\/BUILCOGREEN_1.-workshop.jpg\" class=\"attachment-full size-full wp-image-4928\" alt=\"\" srcset=\"https:\/\/arrabona.eu\/wp-content\/uploads\/2018\/11\/BUILCOGREEN_1.-workshop.jpg 2048w, https:\/\/arrabona.eu\/wp-content\/uploads\/2018\/11\/BUILCOGREEN_1.-workshop-300x200.jpg 300w, https:\/\/arrabona.eu\/wp-content\/uploads\/2018\/11\/BUILCOGREEN_1.-workshop-768x512.jpg 768w, https:\/\/arrabona.eu\/wp-content\/uploads\/2018\/11\/BUILCOGREEN_1.-workshop-1024x683.jpg 1024w\" sizes=\"(max-width: 2048px) 100vw, 2048px\" \/><\/div><\/a>\n\t\t\t\t<div class=\"elementor-post__text\">\n\t\t\t\t<h2 class=\"elementor-post__title\">\n\t\t\t<a href=\"https:\/\/arrabona.eu\/en\/projekt-builcogreen-1-workshop-recyklacia-a-spracovanie-komunalneho-odpadu\/\" >\n\t\t\t\t1st Builcogreen project workshop \u2013 Recycling and management of municipal waste\t\t\t<\/a>\n\t\t<\/h2>\n\t\t\t\t<div class=\"elementor-post__excerpt\">\n\t\t\t<p>The series of workshop events of the Builcogreen project has been launched, where the waste management practices of Gy\u0151r, one of the most modern practices<\/p>\n\t\t<\/div>\n\t\t\n\t\t<a class=\"elementor-post__read-more\" href=\"https:\/\/arrabona.eu\/en\/projekt-builcogreen-1-workshop-recyklacia-a-spracovanie-komunalneho-odpadu\/\" aria-label=\"Read more about 1st Builcogreen project workshop \u2013 Recycling and management of municipal waste\" tabindex=\"-1\" >\n\t\t\tMore \u00bb\t\t<\/a>\n\n\t\t\t\t<\/div>\n\t\t\t\t<div class=\"elementor-post__meta-data\">\n\t\t\t\t\t<span class=\"elementor-post-date\">\n\t\t\t2019-07-18\t\t<\/span>\n\t\t\t\t<\/div>\n\t\t\t\t\t<\/div>\n\t\t<\/article>\n\t\t\t\t<article class=\"elementor-post elementor-grid-item post-5434 post type-post status-publish format-standard has-post-thumbnail hentry category-uncategorized\" role=\"listitem\">\n\t\t\t<div class=\"elementor-post__card\">\n\t\t\t\t<a class=\"elementor-post__thumbnail__link\" href=\"https:\/\/arrabona.eu\/en\/3rd-builcogreen-project-workshop-operating-public-cemeteries-and-military-cemeteries\/\" tabindex=\"-1\" ><div class=\"elementor-post__thumbnail\"><img loading=\"lazy\" decoding=\"async\" width=\"2048\" height=\"1365\" src=\"https:\/\/arrabona.eu\/wp-content\/uploads\/2018\/11\/BULCOGREEN_3.workshop.jpg\" class=\"attachment-full size-full wp-image-4914\" alt=\"\" srcset=\"https:\/\/arrabona.eu\/wp-content\/uploads\/2018\/11\/BULCOGREEN_3.workshop.jpg 2048w, https:\/\/arrabona.eu\/wp-content\/uploads\/2018\/11\/BULCOGREEN_3.workshop-300x200.jpg 300w, https:\/\/arrabona.eu\/wp-content\/uploads\/2018\/11\/BULCOGREEN_3.workshop-768x512.jpg 768w, https:\/\/arrabona.eu\/wp-content\/uploads\/2018\/11\/BULCOGREEN_3.workshop-1024x683.jpg 1024w\" sizes=\"(max-width: 2048px) 100vw, 2048px\" \/><\/div><\/a>\n\t\t\t\t<div class=\"elementor-post__text\">\n\t\t\t\t<h2 class=\"elementor-post__title\">\n\t\t\t<a href=\"https:\/\/arrabona.eu\/en\/3rd-builcogreen-project-workshop-operating-public-cemeteries-and-military-cemeteries\/\" >\n\t\t\t\t3rd Builcogreen project workshop \u2013 Operating public cemeteries and military cemeteries\t\t\t<\/a>\n\t\t<\/h2>\n\t\t\t\t<div class=\"elementor-post__excerpt\">\n\t\t\t<p>As a leading partner, Arrabona EGTC invited its members and other interested parties to the workshop \u201cOperating public cemeteries and military cemeteries \u2013 Challenges and<\/p>\n\t\t<\/div>\n\t\t\n\t\t<a class=\"elementor-post__read-more\" href=\"https:\/\/arrabona.eu\/en\/3rd-builcogreen-project-workshop-operating-public-cemeteries-and-military-cemeteries\/\" aria-label=\"Read more about 3rd Builcogreen project workshop \u2013 Operating public cemeteries and military cemeteries\" tabindex=\"-1\" >\n\t\t\tMore \u00bb\t\t<\/a>\n\n\t\t\t\t<\/div>\n\t\t\t\t<div class=\"elementor-post__meta-data\">\n\t\t\t\t\t<span class=\"elementor-post-date\">\n\t\t\t2019-07-18\t\t<\/span>\n\t\t\t\t<\/div>\n\t\t\t\t\t<\/div>\n\t\t<\/article>\n\t\t\t\t<article class=\"elementor-post elementor-grid-item post-5418 post type-post status-publish format-standard has-post-thumbnail hentry category-uncategorized\" role=\"listitem\">\n\t\t\t<div class=\"elementor-post__card\">\n\t\t\t\t<a class=\"elementor-post__thumbnail__link\" href=\"https:\/\/arrabona.eu\/en\/arrabona-egtc-has-opened-its-office-in-dunajska-streda\/\" tabindex=\"-1\" ><div class=\"elementor-post__thumbnail\"><img loading=\"lazy\" decoding=\"async\" width=\"700\" height=\"467\" src=\"https:\/\/arrabona.eu\/wp-content\/uploads\/2018\/11\/Arrabona_irodanyita\u0301s.jpg\" class=\"attachment-full size-full wp-image-4908\" alt=\"\" srcset=\"https:\/\/arrabona.eu\/wp-content\/uploads\/2018\/11\/Arrabona_irodanyita\u0301s.jpg 700w, https:\/\/arrabona.eu\/wp-content\/uploads\/2018\/11\/Arrabona_irodanyita\u0301s-300x200.jpg 300w\" sizes=\"(max-width: 700px) 100vw, 700px\" \/><\/div><\/a>\n\t\t\t\t<div class=\"elementor-post__text\">\n\t\t\t\t<h2 class=\"elementor-post__title\">\n\t\t\t<a href=\"https:\/\/arrabona.eu\/en\/arrabona-egtc-has-opened-its-office-in-dunajska-streda\/\" >\n\t\t\t\tArrabona EGTC has opened its office in Dunajsk\u00e1 Streda\t\t\t<\/a>\n\t\t<\/h2>\n\t\t\t\t<div class=\"elementor-post__excerpt\">\n\t\t\t<p>The creation of Arrabona EGTC was initiated by the City of Gy\u0151r with County Rights (where the seat of the organization is located) in 2010,<\/p>\n\t\t<\/div>\n\t\t\n\t\t<a class=\"elementor-post__read-more\" href=\"https:\/\/arrabona.eu\/en\/arrabona-egtc-has-opened-its-office-in-dunajska-streda\/\" aria-label=\"Read more about Arrabona EGTC has opened its office in Dunajsk\u00e1 Streda\" tabindex=\"-1\" >\n\t\t\tMore \u00bb\t\t<\/a>\n\n\t\t\t\t<\/div>\n\t\t\t\t<div class=\"elementor-post__meta-data\">\n\t\t\t\t\t<span class=\"elementor-post-date\">\n\t\t\t2019-07-18\t\t<\/span>\n\t\t\t\t<\/div>\n\t\t\t\t\t<\/div>\n\t\t<\/article>\n\t\t\t\t<\/div>\n\t\t\n\t\t\t\t\t\t<\/div>\n\t\t\t\t<\/div>\n\t\t\t\t\t<\/div>\n\t\t<\/div>\n\t\t\t\t\t<\/div>\n\t\t<\/section>\n\t\t\t\t<section class=\"elementor-section elementor-top-section elementor-element elementor-element-32a31547 elementor-section-boxed elementor-section-height-default elementor-section-height-default\" data-id=\"32a31547\" data-element_type=\"section\" data-e-type=\"section\" data-settings=\"{&quot;_ha_eqh_enable&quot;:false}\">\n\t\t\t\t\t\t<div class=\"elementor-container elementor-column-gap-default\">\n\t\t\t\t\t<div class=\"elementor-column elementor-col-100 elementor-top-column elementor-element elementor-element-71939291\" data-id=\"71939291\" data-element_type=\"column\" data-e-type=\"column\">\n\t\t\t<div class=\"elementor-widget-wrap elementor-element-populated\">\n\t\t\t\t\t\t<div class=\"elementor-element elementor-element-1215eded elementor-widget elementor-widget-spacer\" data-id=\"1215eded\" data-element_type=\"widget\" data-e-type=\"widget\" data-widget_type=\"spacer.default\">\n\t\t\t\t<div class=\"elementor-widget-container\">\n\t\t\t\t\t\t\t<div class=\"elementor-spacer\">\n\t\t\t<div class=\"elementor-spacer-inner\"><\/div>\n\t\t<\/div>\n\t\t\t\t\t\t<\/div>\n\t\t\t\t<\/div>\n\t\t\t\t\t<\/div>\n\t\t<\/div>\n\t\t\t\t\t<\/div>\n\t\t<\/section>\n\t\t\t\t<\/div>\n\t\t","protected":false},"excerpt":{"rendered":"<p>News<\/p>\n","protected":false},"author":6,"featured_media":0,"parent":0,"menu_order":0,"comment_status":"closed","ping_status":"open","template":"elementor_header_footer","meta":{"_acf_changed":false,"footnotes":""},"class_list":["post-5420","page","type-page","status-publish","hentry"],"acf":[],"amp_enabled":false,"_links":{"self":[{"href":"https:\/\/arrabona.eu\/en\/wp-json\/wp\/v2\/pages\/5420","targetHints":{"allow":["GET"]}}],"collection":[{"href":"https:\/\/arrabona.eu\/en\/wp-json\/wp\/v2\/pages"}],"about":[{"href":"https:\/\/arrabona.eu\/en\/wp-json\/wp\/v2\/types\/page"}],"author":[{"embeddable":true,"href":"https:\/\/arrabona.eu\/en\/wp-json\/wp\/v2\/users\/6"}],"replies":[{"embeddable":true,"href":"https:\/\/arrabona.eu\/en\/wp-json\/wp\/v2\/comments?post=5420"}],"version-history":[{"count":0,"href":"https:\/\/arrabona.eu\/en\/wp-json\/wp\/v2\/pages\/5420\/revisions"}],"wp:attachment":[{"href":"https:\/\/arrabona.eu\/en\/wp-json\/wp\/v2\/media?parent=5420"}],"curies":[{"name":"wp","href":"https:\/\/api.w.org\/{rel}","templated":true}]}}